{"id":10,"date":"2024-02-15T11:46:42","date_gmt":"2024-02-15T10:46:42","guid":{"rendered":"https:\/\/www.lackestuc.es\/?page_id=10"},"modified":"2024-04-02T11:17:04","modified_gmt":"2024-04-02T09:17:04","slug":"servicios","status":"publish","type":"page","link":"https:\/\/www.lackestuc.es\/ca\/servicios\/","title":{"rendered":"Serveis"},"content":{"rendered":"<div class=\"wp-block-cover alignfull is-light\" style=\"min-height:300px;aspect-ratio:unset;\"><span aria-hidden=\"true\" class=\"wp-block-cover__background has-nv-site-bg-background-color has-background-dim-100 has-background-dim\"><\/span><div class=\"wp-block-cover__inner-container is-layout-flow wp-block-cover-is-layout-flow\">\n<div class=\"wp-block-group\"><div class=\"wp-block-group__inner-container is-layout-flow wp-block-group-is-layout-flow\">\n<h1 class=\"wp-block-heading has-text-align-left has-neve-text-color-color has-text-color\">Els nostres serveis<\/h1>\n<\/div><\/div>\n<\/div><\/div>\n\n\n\n<div class=\"wp-block-cover alignfull is-light\" style=\"min-height:600px;aspect-ratio:unset;\"><span aria-hidden=\"true\" class=\"wp-block-cover__background has-nv-light-bg-background-color has-background-dim-100 has-background-dim\"><\/span><div class=\"wp-block-cover__inner-container is-layout-flow wp-block-cover-is-layout-flow\">\n<div class=\"wp-block-group\"><div class=\"wp-block-group__inner-container is-layout-flow wp-block-group-is-layout-flow\">\n<div style=\"height:80px\" aria-hidden=\"true\" class=\"wp-block-spacer\"><\/div>\n\n\n\n<div class=\"wp-block-columns are-vertically-aligned-center is-layout-flex wp-container-core-columns-is-layout-9d6595d7 wp-block-columns-is-layout-flex\">\n<div class=\"wp-block-column is-vertically-aligned-center is-layout-flow wp-block-column-is-layout-flow\" style=\"flex-basis:50%\">\n<figure class=\"wp-block-image size-full has-custom-border is-style-rounded\"><img loading=\"lazy\" decoding=\"async\" width=\"640\" height=\"480\" src=\"https:\/\/www.lackestuc.es\/wp-content\/uploads\/2024\/02\/3.jpg\" alt=\"\" class=\"wp-image-134\" style=\"border-radius:100px;aspect-ratio:1;object-fit:cover\" srcset=\"https:\/\/www.lackestuc.es\/wp-content\/uploads\/2024\/02\/3.jpg 640w, https:\/\/www.lackestuc.es\/wp-content\/uploads\/2024\/02\/3-300x225.jpg 300w\" sizes=\"auto, (max-width: 640px) 100vw, 640px\" \/><\/figure>\n\n\n\n<div style=\"height:24px\" aria-hidden=\"true\" class=\"wp-block-spacer\"><\/div>\n\n\n\n<h3 class=\"wp-block-heading has-text-align-center has-neve-text-color-color has-text-color\"><strong>Treballem amb acabats d'Alta Qualitat<\/strong><\/h3>\n\n\n\n<p class=\"has-text-align-center has-neve-text-color-color has-text-color\">Com l'Alta Lluentor i Alta Lluentor Polida.<\/p>\n\n\n\n<div class=\"wp-block-buttons is-content-justification-center is-layout-flex wp-container-core-buttons-is-layout-16018d1d wp-block-buttons-is-layout-flex\">\n<div class=\"wp-block-button is-style-primary\"><a class=\"wp-block-button__link wp-element-button\" href=\"https:\/\/www.lackestuc.es\/ca\/contacto\/\" target=\"_blank\" rel=\"noreferrer noopener\">Demana pressupost<\/a><\/div>\n<\/div>\n\n\n\n<div style=\"height:40px\" aria-hidden=\"true\" class=\"wp-block-spacer\"><\/div>\n<\/div>\n\n\n\n<div class=\"wp-block-column is-vertically-aligned-center is-layout-flow wp-block-column-is-layout-flow\" style=\"flex-basis:50%\">\n<figure class=\"wp-block-image size-full has-custom-border is-style-rounded\"><img loading=\"lazy\" decoding=\"async\" width=\"640\" height=\"480\" src=\"https:\/\/www.lackestuc.es\/wp-content\/uploads\/2024\/02\/2.jpg\" alt=\"\" class=\"wp-image-133\" style=\"border-radius:100px;aspect-ratio:1;object-fit:cover\" srcset=\"https:\/\/www.lackestuc.es\/wp-content\/uploads\/2024\/02\/2.jpg 640w, https:\/\/www.lackestuc.es\/wp-content\/uploads\/2024\/02\/2-300x225.jpg 300w\" sizes=\"auto, (max-width: 640px) 100vw, 640px\" \/><\/figure>\n\n\n\n<div style=\"height:24px\" aria-hidden=\"true\" class=\"wp-block-spacer\"><\/div>\n\n\n\n<h3 class=\"wp-block-heading has-text-align-center has-neve-text-color-color has-text-color\"><strong>Especialitzats en la ind\u00fastria del moble<\/strong><\/h3>\n\n\n\n<p class=\"has-text-align-center has-neve-text-color-color has-text-color\">Oferim serveis a professionals.<\/p>\n\n\n\n<div class=\"wp-block-buttons is-content-justification-center is-layout-flex wp-container-core-buttons-is-layout-16018d1d wp-block-buttons-is-layout-flex\">\n<div class=\"wp-block-button is-style-primary\"><a class=\"wp-block-button__link wp-element-button\" href=\"https:\/\/www.lackestuc.es\/ca\/contacto\/\" target=\"_blank\" rel=\"noreferrer noopener\">Demana pressupost<\/a><\/div>\n<\/div>\n\n\n\n<div style=\"height:40px\" aria-hidden=\"true\" class=\"wp-block-spacer\"><\/div>\n<\/div>\n<\/div>\n<\/div><\/div>\n<\/div><\/div>\n\n\n\n<div class=\"wp-block-cover alignfull is-light\" style=\"min-height:600px;aspect-ratio:unset;\"><span aria-hidden=\"true\" class=\"wp-block-cover__background has-nv-site-bg-background-color has-background-dim-100 has-background-dim\"><\/span><div class=\"wp-block-cover__inner-container is-layout-flow wp-block-cover-is-layout-flow\">\n<div class=\"wp-block-group\"><div class=\"wp-block-group__inner-container is-layout-flow wp-block-group-is-layout-flow\">\n<div class=\"wp-block-columns are-vertically-aligned-center is-layout-flex wp-container-core-columns-is-layout-9d6595d7 wp-block-columns-is-layout-flex\">\n<div class=\"wp-block-column is-vertically-aligned-center is-layout-flow wp-block-column-is-layout-flow\" style=\"flex-basis:50%\"><div class=\"wp-block-image is-style-rounded\">\n<figure class=\"aligncenter size-full has-custom-border\"><img loading=\"lazy\" decoding=\"async\" width=\"640\" height=\"480\" src=\"https:\/\/www.lackestuc.es\/wp-content\/uploads\/2024\/02\/1.jpg\" alt=\"\" class=\"wp-image-132\" style=\"border-radius:100px;aspect-ratio:1;object-fit:cover\" srcset=\"https:\/\/www.lackestuc.es\/wp-content\/uploads\/2024\/02\/1.jpg 640w, https:\/\/www.lackestuc.es\/wp-content\/uploads\/2024\/02\/1-300x225.jpg 300w\" sizes=\"auto, (max-width: 640px) 100vw, 640px\" \/><\/figure>\n<\/div>\n\n\n<div style=\"height:24px\" aria-hidden=\"true\" class=\"wp-block-spacer\"><\/div>\n\n\n\n<h3 class=\"wp-block-heading has-text-align-center has-neve-text-color-color has-text-color\">Instal\u00b7lacions i maquin\u00e0ria industrial avan\u00e7ada<\/h3>\n\n\n\n<p class=\"has-text-align-center has-neve-text-color-color has-text-color\">Sempre a l'\u00faltima en tecnologia<\/p>\n\n\n\n<div class=\"wp-block-buttons is-content-justification-center is-layout-flex wp-container-core-buttons-is-layout-16018d1d wp-block-buttons-is-layout-flex\">\n<div class=\"wp-block-button is-style-primary\"><a class=\"wp-block-button__link wp-element-button\" href=\"https:\/\/www.lackestuc.es\/ca\/contacto\/\" target=\"_blank\" rel=\"noreferrer noopener\">Demana pressupost<\/a><\/div>\n<\/div>\n\n\n\n<div style=\"height:40px\" aria-hidden=\"true\" class=\"wp-block-spacer\"><\/div>\n<\/div>\n\n\n\n<div class=\"wp-block-column is-vertically-aligned-center is-layout-flow wp-block-column-is-layout-flow\" style=\"flex-basis:50%\"><div class=\"wp-block-image is-style-rounded\">\n<figure class=\"aligncenter size-full has-custom-border\"><img loading=\"lazy\" decoding=\"async\" width=\"640\" height=\"480\" src=\"https:\/\/www.lackestuc.es\/wp-content\/uploads\/2024\/02\/15.jpg\" alt=\"\" class=\"wp-image-131\" style=\"border-radius:100px;aspect-ratio:1;object-fit:cover\" srcset=\"https:\/\/www.lackestuc.es\/wp-content\/uploads\/2024\/02\/15.jpg 640w, https:\/\/www.lackestuc.es\/wp-content\/uploads\/2024\/02\/15-300x225.jpg 300w\" sizes=\"auto, (max-width: 640px) 100vw, 640px\" \/><\/figure>\n<\/div>\n\n\n<div style=\"height:24px\" aria-hidden=\"true\" class=\"wp-block-spacer\"><\/div>\n\n\n\n<h3 class=\"wp-block-heading has-text-align-center has-neve-text-color-color has-text-color\"><strong>Producci\u00f3 mecanitzada i optimitzada<\/strong><\/h3>\n\n\n\n<p class=\"has-text-align-center has-neve-text-color-color has-text-color\">Amb lliuraments r\u00e0pids i cobrint les exig\u00e8ncies del mercat actual<\/p>\n\n\n\n<div class=\"wp-block-buttons is-content-justification-center is-layout-flex wp-container-core-buttons-is-layout-16018d1d wp-block-buttons-is-layout-flex\">\n<div class=\"wp-block-button is-style-primary\"><a class=\"wp-block-button__link wp-element-button\" href=\"https:\/\/www.lackestuc.es\/ca\/contacto\/\" target=\"_blank\" rel=\"noreferrer noopener\">Demana pressupost<\/a><\/div>\n<\/div>\n\n\n\n<div style=\"height:40px\" aria-hidden=\"true\" class=\"wp-block-spacer\"><\/div>\n<\/div>\n<\/div>\n<\/div><\/div>\n<\/div><\/div>\n\n\n\n<div class=\"wp-block-cover alignfull\" style=\"min-height:600px;aspect-ratio:unset;\"><span aria-hidden=\"true\" class=\"wp-block-cover__background has-nv-light-bg-background-color has-background-dim-100 has-background-dim\"><\/span><div class=\"wp-block-cover__inner-container is-layout-flow wp-block-cover-is-layout-flow\">\n<div class=\"wp-block-group\"><div class=\"wp-block-group__inner-container is-layout-flow wp-block-group-is-layout-flow\">\n<div class=\"wp-block-columns are-vertically-aligned-center is-layout-flex wp-container-core-columns-is-layout-9d6595d7 wp-block-columns-is-layout-flex\">\n<div class=\"wp-block-column is-vertically-aligned-center is-layout-flow wp-block-column-is-layout-flow\" style=\"flex-basis:50%\">\n<figure class=\"wp-block-image size-full has-custom-border is-style-rounded\"><img loading=\"lazy\" decoding=\"async\" width=\"640\" height=\"480\" src=\"https:\/\/www.lackestuc.es\/wp-content\/uploads\/2024\/02\/14.jpg\" alt=\"\" class=\"wp-image-130\" style=\"border-radius:100px;aspect-ratio:1;object-fit:cover\" srcset=\"https:\/\/www.lackestuc.es\/wp-content\/uploads\/2024\/02\/14.jpg 640w, https:\/\/www.lackestuc.es\/wp-content\/uploads\/2024\/02\/14-300x225.jpg 300w\" sizes=\"auto, (max-width: 640px) 100vw, 640px\" \/><\/figure>\n\n\n\n<div style=\"height:24px\" aria-hidden=\"true\" class=\"wp-block-spacer\"><\/div>\n\n\n\n<h3 class=\"wp-block-heading has-text-align-center has-neve-text-color-color has-text-color\"><strong>Servei totalment directe i personalitzat<\/strong><\/h3>\n\n\n\n<p class=\"has-text-align-center has-neve-text-color-color has-text-color\">Amb estrictes controls de qualitat abans del seu lliurament<\/p>\n\n\n\n<div class=\"wp-block-buttons is-content-justification-center is-layout-flex wp-container-core-buttons-is-layout-16018d1d wp-block-buttons-is-layout-flex\">\n<div class=\"wp-block-button is-style-primary\"><a class=\"wp-block-button__link wp-element-button\" href=\"https:\/\/www.lackestuc.es\/ca\/contacto\/\" target=\"_blank\" rel=\"noreferrer noopener\">Demana pressupost<\/a><\/div>\n<\/div>\n\n\n\n<div style=\"height:40px\" aria-hidden=\"true\" class=\"wp-block-spacer\"><\/div>\n<\/div>\n\n\n\n<div class=\"wp-block-column is-vertically-aligned-center is-layout-flow wp-block-column-is-layout-flow\" style=\"flex-basis:50%\">\n<figure class=\"wp-block-image size-full has-custom-border is-style-rounded\"><img loading=\"lazy\" decoding=\"async\" width=\"640\" height=\"480\" src=\"https:\/\/www.lackestuc.es\/wp-content\/uploads\/2024\/02\/8.jpg\" alt=\"\" class=\"wp-image-139\" style=\"border-radius:100px;aspect-ratio:1;object-fit:cover\" srcset=\"https:\/\/www.lackestuc.es\/wp-content\/uploads\/2024\/02\/8.jpg 640w, https:\/\/www.lackestuc.es\/wp-content\/uploads\/2024\/02\/8-300x225.jpg 300w\" sizes=\"auto, (max-width: 640px) 100vw, 640px\" \/><\/figure>\n\n\n\n<div style=\"height:24px\" aria-hidden=\"true\" class=\"wp-block-spacer\"><\/div>\n\n\n\n<h3 class=\"wp-block-heading has-text-align-center has-neve-text-color-color has-text-color\"><strong>Compromesos amb el medi ambient<\/strong>e<\/h3>\n\n\n\n<p class=\"has-text-align-center has-neve-text-color-color has-text-color\">Utilitzem productes que minimitzen l'impacte  <\/p>\n\n\n\n<div class=\"wp-block-buttons is-content-justification-center is-layout-flex wp-container-core-buttons-is-layout-16018d1d wp-block-buttons-is-layout-flex\">\n<div class=\"wp-block-button is-style-primary\"><a class=\"wp-block-button__link wp-element-button\" href=\"https:\/\/www.lackestuc.es\/ca\/contacto\/\" target=\"_blank\" rel=\"noreferrer noopener\">Demana pressupost<\/a><\/div>\n<\/div>\n\n\n\n<div style=\"height:40px\" aria-hidden=\"true\" class=\"wp-block-spacer\"><\/div>\n<\/div>\n<\/div>\n<\/div><\/div>\n<\/div><\/div>\n\n\n\n<h2 class=\"wp-block-heading\">Lackestuc \u00e9s per a tu per a temes relacionats amb:<\/h2>\n\n\n\n<p>Pintor Pintura Pintura industrial Bages Barcelona Catalunya Manresa Mobles Portes Estands Decoraci\u00f3 Fabrica mobles Disseny espais \u00fanics Lacat armaris Lacat expositors Vernissat armaris Vernissats expositors Tarimes Fabricaci\u00f3 S\u00e8ries Mobles hotels Fabricaci\u00f3 mobles hotels lacat Construcci\u00f3 fires lacat pintura Vernissos Ecol\u00f2gics Vernissat de Mobles Decapat de Mobles i Portes a Barcelona Tractaments de Mobiliari Exterior Vernissats Ign\u00edfugs Lacatge de Mobles Lacat de Portes en Blanco Daurem els teus mobles Polit d'Alta Lluentor Polida alta lluentor polida Restauraci\u00f3 de Mobles Acabats Vintage\u2026<\/p>\n\n\n\n<div class=\"wp-block-cover alignfull is-light\" style=\"min-height:300px;aspect-ratio:unset;\"><span aria-hidden=\"true\" class=\"wp-block-cover__background has-neve-link-hover-color-background-color has-background-dim-100 has-background-dim\"><\/span><div class=\"wp-block-cover__inner-container is-layout-flow wp-block-cover-is-layout-flow\"><div class=\"wp-block-image is-resized is-style-rounded\">\n<figure class=\"aligncenter size-thumbnail\"><img loading=\"lazy\" decoding=\"async\" width=\"150\" height=\"150\" src=\"https:\/\/www.lackestuc.es\/wp-content\/uploads\/2024\/02\/12-150x150.jpg\" alt=\"\" class=\"wp-image-128\"\/><\/figure>\n<\/div>\n\n\n<p class=\"has-text-align-center has-nv-text-dark-bg-color has-text-color\">Contacta amb nosaltres per a qualsevol tipus de necessitat que els teus mobles puguin tenir. Cobrim tot tipus de serveis. Est\u00e0s en bones mans, els millors professionals del sector.<\/p>\n\n\n\n<div class=\"wp-block-buttons is-content-justification-center is-layout-flex wp-container-core-buttons-is-layout-16018d1d wp-block-buttons-is-layout-flex\">\n<div class=\"wp-block-button is-style-primary\"><a class=\"wp-block-button__link wp-element-button\" href=\"https:\/\/www.lackestuc.es\/ca\/contacto\/\" target=\"_blank\" rel=\"noreferrer noopener\">Demana pressupost<\/a><\/div>\n<\/div>\n<\/div><\/div>","protected":false},"excerpt":{"rendered":"<p>Lackestuc es para ti para temas relacionados con: Pintor Pintura Pintura industrial Bages Barcelona Catalunya Manresa Muebles Puertas Stands Decoraci\u00f3n Fabrica muebles Dise\u00f1o espacios \u00fanicos Lacado armarios Lacado expositores Barnizado armarios Barnizados expositores Tarimas Fabricaci\u00f3n Series Muebles hoteles Fabricaci\u00f3n muebles hoteles lacado Construcci\u00f3n ferias lacado pintura Barnices Ecol\u00f3gicos Barnizado de Muebles Decapado de Muebles y&hellip;&nbsp;<a href=\"https:\/\/www.lackestuc.es\/ca\/servicios\/\" rel=\"bookmark\">Llegiu m\u00e9s &raquo;<span class=\"screen-reader-text\">Serveis<\/span><\/a><\/p>","protected":false},"author":1,"featured_media":0,"parent":0,"menu_order":0,"comment_status":"closed","ping_status":"closed","template":"","meta":{"neve_meta_sidebar":"","neve_meta_container":"","neve_meta_enable_content_width":"on","neve_meta_content_width":100,"neve_meta_title_alignment":"","neve_meta_author_avatar":"","neve_post_elements_order":"","neve_meta_disable_header":"","neve_meta_disable_footer":"","neve_meta_disable_title":"on","footnotes":""},"class_list":["post-10","page","type-page","status-publish","hentry"],"yoast_head":"<!-- This site is optimized with the Yoast SEO plugin v27.4 - https:\/\/yoast.com\/product\/yoast-seo-wordpress\/ -->\n<title>Servicios - Lackestuc<\/title>\n<meta name=\"robots\" content=\"index, follow, max-snippet:-1, max-image-preview:large, max-video-preview:-1\" \/>\n<link rel=\"canonical\" href=\"https:\/\/www.lackestuc.es\/ca\/servicios\/\" \/>\n<meta property=\"og:locale\" content=\"ca_ES\" \/>\n<meta property=\"og:type\" content=\"article\" \/>\n<meta property=\"og:title\" content=\"Servicios - Lackestuc\" \/>\n<meta property=\"og:description\" content=\"Lackestuc es para ti para temas relacionados con: Pintor Pintura Pintura industrial Bages Barcelona Catalunya Manresa Muebles Puertas Stands Decoraci\u00f3n Fabrica muebles Dise\u00f1o espacios \u00fanicos Lacado armarios Lacado expositores Barnizado armarios Barnizados expositores Tarimas Fabricaci\u00f3n Series Muebles hoteles Fabricaci\u00f3n muebles hoteles lacado Construcci\u00f3n ferias lacado pintura Barnices Ecol\u00f3gicos Barnizado de Muebles Decapado de Muebles y&hellip;&nbsp;Llegiu m\u00e9s &raquo;Servicios\" \/>\n<meta property=\"og:url\" content=\"https:\/\/www.lackestuc.es\/ca\/servicios\/\" \/>\n<meta property=\"og:site_name\" content=\"Lackestuc\" \/>\n<meta property=\"article:modified_time\" content=\"2024-04-02T09:17:04+00:00\" \/>\n<meta property=\"og:image\" content=\"https:\/\/www.lackestuc.es\/wp-content\/uploads\/2024\/02\/3.jpg\" \/>\n<meta name=\"twitter:card\" content=\"summary_large_image\" \/>\n<meta name=\"twitter:label1\" content=\"Temps estimat de lectura\" \/>\n\t<meta name=\"twitter:data1\" content=\"3 minuts\" \/>\n<script type=\"application\/ld+json\" class=\"yoast-schema-graph\">{\"@context\":\"https:\\\/\\\/schema.org\",\"@graph\":[{\"@type\":\"WebPage\",\"@id\":\"https:\\\/\\\/www.lackestuc.es\\\/servicios\\\/\",\"url\":\"https:\\\/\\\/www.lackestuc.es\\\/servicios\\\/\",\"name\":\"Servicios - Lackestuc\",\"isPartOf\":{\"@id\":\"https:\\\/\\\/www.lackestuc.es\\\/#website\"},\"primaryImageOfPage\":{\"@id\":\"https:\\\/\\\/www.lackestuc.es\\\/servicios\\\/#primaryimage\"},\"image\":{\"@id\":\"https:\\\/\\\/www.lackestuc.es\\\/servicios\\\/#primaryimage\"},\"thumbnailUrl\":\"https:\\\/\\\/www.lackestuc.es\\\/wp-content\\\/uploads\\\/2024\\\/02\\\/3.jpg\",\"datePublished\":\"2024-02-15T10:46:42+00:00\",\"dateModified\":\"2024-04-02T09:17:04+00:00\",\"breadcrumb\":{\"@id\":\"https:\\\/\\\/www.lackestuc.es\\\/servicios\\\/#breadcrumb\"},\"inLanguage\":\"ca\",\"potentialAction\":[{\"@type\":\"ReadAction\",\"target\":[\"https:\\\/\\\/www.lackestuc.es\\\/servicios\\\/\"]}]},{\"@type\":\"ImageObject\",\"inLanguage\":\"ca\",\"@id\":\"https:\\\/\\\/www.lackestuc.es\\\/servicios\\\/#primaryimage\",\"url\":\"https:\\\/\\\/www.lackestuc.es\\\/wp-content\\\/uploads\\\/2024\\\/02\\\/3.jpg\",\"contentUrl\":\"https:\\\/\\\/www.lackestuc.es\\\/wp-content\\\/uploads\\\/2024\\\/02\\\/3.jpg\"},{\"@type\":\"BreadcrumbList\",\"@id\":\"https:\\\/\\\/www.lackestuc.es\\\/servicios\\\/#breadcrumb\",\"itemListElement\":[{\"@type\":\"ListItem\",\"position\":1,\"name\":\"Portada\",\"item\":\"https:\\\/\\\/www.lackestuc.es\\\/\"},{\"@type\":\"ListItem\",\"position\":2,\"name\":\"Servicios\"}]},{\"@type\":\"WebSite\",\"@id\":\"https:\\\/\\\/www.lackestuc.es\\\/#website\",\"url\":\"https:\\\/\\\/www.lackestuc.es\\\/\",\"name\":\"Lackestuc\",\"description\":\"LACKESTUC, con una s\u00f3lida trayectoria en el tratamiento y decoraci\u00f3n de la madera, ofrece todo tipo de acabados en el barnizado y lacado del mueble. Pintura industrial\",\"publisher\":{\"@id\":\"https:\\\/\\\/www.lackestuc.es\\\/#organization\"},\"potentialAction\":[{\"@type\":\"SearchAction\",\"target\":{\"@type\":\"EntryPoint\",\"urlTemplate\":\"https:\\\/\\\/www.lackestuc.es\\\/?s={search_term_string}\"},\"query-input\":{\"@type\":\"PropertyValueSpecification\",\"valueRequired\":true,\"valueName\":\"search_term_string\"}}],\"inLanguage\":\"ca\"},{\"@type\":\"Organization\",\"@id\":\"https:\\\/\\\/www.lackestuc.es\\\/#organization\",\"name\":\"Lackestuc\",\"url\":\"https:\\\/\\\/www.lackestuc.es\\\/\",\"logo\":{\"@type\":\"ImageObject\",\"inLanguage\":\"ca\",\"@id\":\"https:\\\/\\\/www.lackestuc.es\\\/#\\\/schema\\\/logo\\\/image\\\/\",\"url\":\"https:\\\/\\\/www.lackestuc.es\\\/wp-content\\\/uploads\\\/2024\\\/03\\\/cropped-Captura-de-pantalla-2024-03-04-121209.png\",\"contentUrl\":\"https:\\\/\\\/www.lackestuc.es\\\/wp-content\\\/uploads\\\/2024\\\/03\\\/cropped-Captura-de-pantalla-2024-03-04-121209.png\",\"width\":200,\"height\":49,\"caption\":\"Lackestuc\"},\"image\":{\"@id\":\"https:\\\/\\\/www.lackestuc.es\\\/#\\\/schema\\\/logo\\\/image\\\/\"},\"sameAs\":[\"https:\\\/\\\/www.instagram.com\\\/lackestuc_envernissats_lacats\\\/\"]}]}<\/script>\n<!-- \/ Yoast SEO plugin. -->","yoast_head_json":{"title":"Servicios - Lackestuc","robots":{"index":"index","follow":"follow","max-snippet":"max-snippet:-1","max-image-preview":"max-image-preview:large","max-video-preview":"max-video-preview:-1"},"canonical":"https:\/\/www.lackestuc.es\/ca\/servicios\/","og_locale":"ca_ES","og_type":"article","og_title":"Servicios - Lackestuc","og_description":"Lackestuc es para ti para temas relacionados con: Pintor Pintura Pintura industrial Bages Barcelona Catalunya Manresa Muebles Puertas Stands Decoraci\u00f3n Fabrica muebles Dise\u00f1o espacios \u00fanicos Lacado armarios Lacado expositores Barnizado armarios Barnizados expositores Tarimas Fabricaci\u00f3n Series Muebles hoteles Fabricaci\u00f3n muebles hoteles lacado Construcci\u00f3n ferias lacado pintura Barnices Ecol\u00f3gicos Barnizado de Muebles Decapado de Muebles y&hellip;&nbsp;Llegiu m\u00e9s &raquo;Servicios","og_url":"https:\/\/www.lackestuc.es\/ca\/servicios\/","og_site_name":"Lackestuc","article_modified_time":"2024-04-02T09:17:04+00:00","og_image":[{"url":"https:\/\/www.lackestuc.es\/wp-content\/uploads\/2024\/02\/3.jpg","type":"","width":"","height":""}],"twitter_card":"summary_large_image","twitter_misc":{"Temps estimat de lectura":"3 minuts"},"schema":{"@context":"https:\/\/schema.org","@graph":[{"@type":"WebPage","@id":"https:\/\/www.lackestuc.es\/servicios\/","url":"https:\/\/www.lackestuc.es\/servicios\/","name":"Servicios - Lackestuc","isPartOf":{"@id":"https:\/\/www.lackestuc.es\/#website"},"primaryImageOfPage":{"@id":"https:\/\/www.lackestuc.es\/servicios\/#primaryimage"},"image":{"@id":"https:\/\/www.lackestuc.es\/servicios\/#primaryimage"},"thumbnailUrl":"https:\/\/www.lackestuc.es\/wp-content\/uploads\/2024\/02\/3.jpg","datePublished":"2024-02-15T10:46:42+00:00","dateModified":"2024-04-02T09:17:04+00:00","breadcrumb":{"@id":"https:\/\/www.lackestuc.es\/servicios\/#breadcrumb"},"inLanguage":"ca","potentialAction":[{"@type":"ReadAction","target":["https:\/\/www.lackestuc.es\/servicios\/"]}]},{"@type":"ImageObject","inLanguage":"ca","@id":"https:\/\/www.lackestuc.es\/servicios\/#primaryimage","url":"https:\/\/www.lackestuc.es\/wp-content\/uploads\/2024\/02\/3.jpg","contentUrl":"https:\/\/www.lackestuc.es\/wp-content\/uploads\/2024\/02\/3.jpg"},{"@type":"BreadcrumbList","@id":"https:\/\/www.lackestuc.es\/servicios\/#breadcrumb","itemListElement":[{"@type":"ListItem","position":1,"name":"Portada","item":"https:\/\/www.lackestuc.es\/"},{"@type":"ListItem","position":2,"name":"Servicios"}]},{"@type":"WebSite","@id":"https:\/\/www.lackestuc.es\/#website","url":"https:\/\/www.lackestuc.es\/","name":"Lackestuc","description":"LACKESTUC, con una s\u00f3lida trayectoria en el tratamiento y decoraci\u00f3n de la madera, ofrece todo tipo de acabados en el barnizado y lacado del mueble. Pintura industrial","publisher":{"@id":"https:\/\/www.lackestuc.es\/#organization"},"potentialAction":[{"@type":"SearchAction","target":{"@type":"EntryPoint","urlTemplate":"https:\/\/www.lackestuc.es\/?s={search_term_string}"},"query-input":{"@type":"PropertyValueSpecification","valueRequired":true,"valueName":"search_term_string"}}],"inLanguage":"ca"},{"@type":"Organization","@id":"https:\/\/www.lackestuc.es\/#organization","name":"Lackestuc","url":"https:\/\/www.lackestuc.es\/","logo":{"@type":"ImageObject","inLanguage":"ca","@id":"https:\/\/www.lackestuc.es\/#\/schema\/logo\/image\/","url":"https:\/\/www.lackestuc.es\/wp-content\/uploads\/2024\/03\/cropped-Captura-de-pantalla-2024-03-04-121209.png","contentUrl":"https:\/\/www.lackestuc.es\/wp-content\/uploads\/2024\/03\/cropped-Captura-de-pantalla-2024-03-04-121209.png","width":200,"height":49,"caption":"Lackestuc"},"image":{"@id":"https:\/\/www.lackestuc.es\/#\/schema\/logo\/image\/"},"sameAs":["https:\/\/www.instagram.com\/lackestuc_envernissats_lacats\/"]}]}},"_links":{"self":[{"href":"https:\/\/www.lackestuc.es\/ca\/wp-json\/wp\/v2\/pages\/10","targetHints":{"allow":["GET"]}}],"collection":[{"href":"https:\/\/www.lackestuc.es\/ca\/wp-json\/wp\/v2\/pages"}],"about":[{"href":"https:\/\/www.lackestuc.es\/ca\/wp-json\/wp\/v2\/types\/page"}],"author":[{"embeddable":true,"href":"https:\/\/www.lackestuc.es\/ca\/wp-json\/wp\/v2\/users\/1"}],"replies":[{"embeddable":true,"href":"https:\/\/www.lackestuc.es\/ca\/wp-json\/wp\/v2\/comments?post=10"}],"version-history":[{"count":10,"href":"https:\/\/www.lackestuc.es\/ca\/wp-json\/wp\/v2\/pages\/10\/revisions"}],"predecessor-version":[{"id":202,"href":"https:\/\/www.lackestuc.es\/ca\/wp-json\/wp\/v2\/pages\/10\/revisions\/202"}],"wp:attachment":[{"href":"https:\/\/www.lackestuc.es\/ca\/wp-json\/wp\/v2\/media?parent=10"}],"curies":[{"name":"wp","href":"https:\/\/api.w.org\/{rel}","templated":true}]}}